{"id":21638,"date":"2026-03-19T00:16:34","date_gmt":"2026-03-18T23:16:34","guid":{"rendered":"https:\/\/iline-organic.com\/rassengleichheit-und-gerechtigkeit\/"},"modified":"2026-09-06T14:12:55","modified_gmt":"2026-09-06T12:12:55","slug":"rassengleichheit-und-gerechtigkeit","status":"publish","type":"page","link":"https:\/\/iline-organic.com\/de\/rassengleichheit-und-gerechtigkeit\/","title":{"rendered":"Rassengleichheit und Gerechtigkeit"},"content":{"rendered":"<p>[et_pb_section fb_built=&#8220;1&#8243; custom_padding_last_edited=&#8220;on|phone&#8220; _builder_version=&#8220;4.27.6&#8243; _module_preset=&#8220;default&#8220; background_color=&#8220;#F4F1EB&#8220; custom_margin=&#8220;||0px||false|false&#8220; custom_padding=&#8220;88px||88px||true|false&#8220; custom_padding_tablet=&#8220;60px||60px||false|false&#8220; custom_padding_phone=&#8220;60px||60px||true|false&#8220; locked=&#8220;off&#8220; global_colors_info=&#8220;{}&#8220;][et_pb_row _builder_version=&#8220;4.27.5&#8243; _module_preset=&#8220;default&#8220; custom_padding=&#8220;0px||0px||true|false&#8220; global_colors_info=&#8220;{}&#8220;][et_pb_column type=&#8220;4_4&#8243; _builder_version=&#8220;4.27.5&#8243; _module_preset=&#8220;default&#8220; global_colors_info=&#8220;{}&#8220;][et_pb_heading title=&#8220;F\u00f6rderung der Chancengleichheit. Heute und jeden Tag. &#8220; _builder_version=&#8220;4.27.6&#8243; _module_preset=&#8220;default&#8220; title_font=&#8220;|700|||||||&#8220; title_font_size=&#8220;56px&#8220; width=&#8220;60%&#8220; width_tablet=&#8220;100%&#8220; width_phone=&#8220;100%&#8220; width_last_edited=&#8220;on|tablet&#8220; custom_margin=&#8220;||10px||false|false&#8220; custom_padding=&#8220;||0px|||&#8220; title_font_size_tablet=&#8220;44px&#8220; title_font_size_phone=&#8220;28px&#8220; title_font_size_last_edited=&#8220;on|phone&#8220; global_colors_info=&#8220;{}&#8220;][\/et_pb_heading][et_pb_heading title=&#8220;F\u00f6rderung von Gleichbehandlung, Chancengleichheit und Respekt in allen Gemeinschaften und Systemen.&#8220; _builder_version=&#8220;4.27.6&#8243; _module_preset=&#8220;default&#8220; title_level=&#8220;h2&#8243; title_font_size=&#8220;24px&#8220; custom_margin=&#8220;10px||10px||true|false&#8220; title_font_size_tablet=&#8220;18px&#8220; title_font_size_phone=&#8220;12px&#8220; title_font_size_last_edited=&#8220;on|phone&#8220; global_colors_info=&#8220;{}&#8220;][\/et_pb_heading][\/et_pb_column][\/et_pb_row][\/et_pb_section][et_pb_section fb_built=&#8220;1&#8243; _builder_version=&#8220;4.27.6&#8243; _module_preset=&#8220;default&#8220; background_enable_color=&#8220;off&#8220; custom_padding=&#8220;60px||60px||true|false&#8220; global_colors_info=&#8220;{}&#8220;][et_pb_row _builder_version=&#8220;4.27.5&#8243; _module_preset=&#8220;default&#8220; custom_padding=&#8220;0px||||false|false&#8220; locked=&#8220;off&#8220; global_colors_info=&#8220;{}&#8220;][et_pb_column type=&#8220;4_4&#8243; _builder_version=&#8220;4.27.5&#8243; _module_preset=&#8220;default&#8220; global_colors_info=&#8220;{}&#8220;][et_pb_heading title=&#8220;Warum dies von Bedeutung ist&#8220; _builder_version=&#8220;4.27.6&#8243; _module_preset=&#8220;default&#8220; title_level=&#8220;h2&#8243; title_font=&#8220;|700|||||||&#8220; title_text_align=&#8220;center&#8220; title_font_size=&#8220;48px&#8220; custom_margin=&#8220;||0px|||&#8220; title_font_size_tablet=&#8220;44px&#8220; title_font_size_phone=&#8220;28px&#8220; title_font_size_last_edited=&#8220;on|phone&#8220; global_colors_info=&#8220;{}&#8220;][\/et_pb_heading][et_pb_heading title=&#8220;Gerechte Gesellschaften beruhen auf Gleichbehandlung und dem Schutz der Grundrechte.&#8220; _builder_version=&#8220;4.27.6&#8243; _module_preset=&#8220;default&#8220; title_level=&#8220;h3&#8243; title_text_align=&#8220;center&#8220; title_font_size=&#8220;20px&#8220; title_font_size_tablet=&#8220;18px&#8220; title_font_size_phone=&#8220;14px&#8220; title_font_size_last_edited=&#8220;on|phone&#8220; global_colors_info=&#8220;{}&#8220;][\/et_pb_heading][\/et_pb_column][\/et_pb_row][et_pb_row custom_padding_last_edited=&#8220;on|phone&#8220; _builder_version=&#8220;4.27.5&#8243; _module_preset=&#8220;default&#8220; background_color=&#8220;#F4F1EB&#8220; width_tablet=&#8220;90%&#8220; width_phone=&#8220;90%&#8220; width_last_edited=&#8220;on|phone&#8220; custom_padding=&#8220;50px|50px|50px|50px|true|true&#8220; custom_padding_tablet=&#8220;30px|20px|30px|20px|true|true&#8220; custom_padding_phone=&#8220;25px|25px|25px|25px|true|true&#8220; border_radii=&#8220;on|15px|15px|15px|15px&#8220; global_colors_info=&#8220;{}&#8220;][et_pb_column type=&#8220;4_4&#8243; _builder_version=&#8220;4.27.5&#8243; _module_preset=&#8220;default&#8220; global_colors_info=&#8220;{}&#8220;][et_pb_text _builder_version=&#8220;4.27.5&#8243; _module_preset=&#8220;default&#8220; text_font=&#8220;&#8211;et_global_body_font|500|||||||&#8220; text_font_size=&#8220;18px&#8220; text_font_size_tablet=&#8220;14px&#8220; text_font_size_phone=&#8220;12px&#8220; text_font_size_last_edited=&#8220;on|phone&#8220; text_line_height_tablet=&#8220;1.3em&#8220; text_line_height_phone=&#8220;1.2em&#8220; text_line_height_last_edited=&#8220;on|phone&#8220; global_colors_info=&#8220;{}&#8220;]<\/p>\n<p style=\"text-align: left\">In vielen Gesellschaften haben rassische Ungleichheiten den Zugang zu Chancen, Ressourcen und Vertretung gepr\u00e4gt.<\/p>\n<p>Um diese Ungleichheiten zu beseitigen, sind Bewusstsein, Verantwortungsbewusstsein und kontinuierliche Bem\u00fchungen erforderlich, um sicherzustellen, dass Systeme und Institutionen die Menschen fair behandeln.<\/p>\n<p>Organisationen k\u00f6nnen zu diesem Prozess beitragen, indem sie faire Praktiken f\u00f6rdern, die Menschenw\u00fcrde achten und ein Umfeld unterst\u00fctzen, in dem Diskriminierung und Ausgrenzung aktiv bek\u00e4mpft werden. Diese Bem\u00fchungen tragen dazu bei, das Vertrauen zu st\u00e4rken, die Rechenschaftspflicht zu f\u00f6rdern und ausgewogenere soziale und wirtschaftliche Systeme zu unterst\u00fctzen. <\/p>\n<p>Das Bewusstsein f\u00fcr die Bedeutung der Rassengleichheit tr\u00e4gt zur St\u00e4rkung der Gemeinschaften bei und f\u00f6rdert verantwortungsbewusstere und inklusivere Institutionen.<\/p>\n<p>[\/et_pb_text][\/et_pb_column][\/et_pb_row][\/et_pb_section][et_pb_section fb_built=&#8220;1&#8243; _builder_version=&#8220;4.27.6&#8243; _module_preset=&#8220;default&#8220; background_enable_color=&#8220;off&#8220; background_image=&#8220;https:\/\/iline-organic.com\/wp-content\/uploads\/2026\/04\/pages-racialequity-ourapproach.jpg&#8220; custom_padding=&#8220;60px||60px||true|false&#8220; global_colors_info=&#8220;{}&#8220;][et_pb_row _builder_version=&#8220;4.27.5&#8243; _module_preset=&#8220;default&#8220; custom_padding=&#8220;0px||||false|false&#8220; locked=&#8220;off&#8220; global_colors_info=&#8220;{}&#8220;][et_pb_column type=&#8220;4_4&#8243; _builder_version=&#8220;4.27.5&#8243; _module_preset=&#8220;default&#8220; global_colors_info=&#8220;{}&#8220;][et_pb_heading title=&#8220;Unser Ansatz&#8220; _builder_version=&#8220;4.27.6&#8243; _module_preset=&#8220;default&#8220; title_level=&#8220;h2&#8243; title_font=&#8220;|700|||||||&#8220; title_text_align=&#8220;center&#8220; title_text_color=&#8220;#F9F8F6&#8243; title_font_size=&#8220;48px&#8220; custom_margin=&#8220;||0px|||&#8220; title_font_size_tablet=&#8220;44px&#8220; title_font_size_phone=&#8220;28px&#8220; title_font_size_last_edited=&#8220;on|phone&#8220; global_colors_info=&#8220;{}&#8220;][\/et_pb_heading][et_pb_heading title=&#8220;F\u00f6rderung einer respektvollen Zusammenarbeit und Offenheit gegen\u00fcber unterschiedlichen Sichtweisen.&#8220; _builder_version=&#8220;4.27.6&#8243; _module_preset=&#8220;default&#8220; title_level=&#8220;h3&#8243; title_text_align=&#8220;center&#8220; title_text_color=&#8220;#F9F8F6&#8243; title_font_size=&#8220;20px&#8220; title_font_size_tablet=&#8220;18px&#8220; title_font_size_phone=&#8220;14px&#8220; title_font_size_last_edited=&#8220;on|phone&#8220; global_colors_info=&#8220;{}&#8220;][\/et_pb_heading][\/et_pb_column][\/et_pb_row][et_pb_row custom_padding_last_edited=&#8220;on|phone&#8220; _builder_version=&#8220;4.27.5&#8243; _module_preset=&#8220;default&#8220; background_color=&#8220;rgba(244,241,235,0.78)&#8220; width_tablet=&#8220;90%&#8220; width_phone=&#8220;90%&#8220; width_last_edited=&#8220;on|phone&#8220; custom_padding=&#8220;50px|50px|50px|50px|true|true&#8220; custom_padding_tablet=&#8220;20px|20px|20px|20px|true|true&#8220; custom_padding_phone=&#8220;20px|20px|20px|20px|true|true&#8220; border_radii=&#8220;on|15px|15px|15px|15px&#8220; global_colors_info=&#8220;{}&#8220;][et_pb_column type=&#8220;4_4&#8243; _builder_version=&#8220;4.27.5&#8243; _module_preset=&#8220;default&#8220; global_colors_info=&#8220;{}&#8220;][et_pb_text _builder_version=&#8220;4.27.5&#8243; _module_preset=&#8220;default&#8220; text_font=&#8220;&#8211;et_global_body_font|500|||||||&#8220; text_font_size=&#8220;18px&#8220; text_font_size_tablet=&#8220;14px&#8220; text_font_size_phone=&#8220;12px&#8220; text_font_size_last_edited=&#8220;on|phone&#8220; text_line_height_tablet=&#8220;1.3em&#8220; text_line_height_phone=&#8220;1.2em&#8220; text_line_height_last_edited=&#8220;on|phone&#8220; global_colors_info=&#8220;{}&#8220;]<\/p>\n<p style=\"text-align: left\">Wir sind der \u00dcberzeugung, dass der Respekt vor dem Einzelnen und vor Gemeinschaften die Grundlage f\u00fcr die Arbeitsweise von Organisationen bilden muss.<\/p>\n<p>F\u00fcr Fairness einzutreten bedeutet, die Bedeutung der Gleichbehandlung anzuerkennen und stets darauf zu achten, wie sich Entscheidungen und Vorgehensweisen auf verschiedene Personengruppen auswirken.<\/p>\n<p>Verantwortungsbewusste Organisationen sind bestrebt, sicherzustellen, dass Richtlinien, Partnerschaften und Arbeitsumgebungen W\u00fcrde und Respekt f\u00f6rdern. Dazu geh\u00f6ren die Einhaltung klarer Verhaltensstandards, die F\u00f6rderung der Rechenschaftspflicht sowie die Schaffung eines Umfelds, in dem Diskriminierung oder Ungerechtigkeit nicht toleriert werden. <\/p>\n<p>Indem Organisationen Beziehungen fair und achtsam gestalten, k\u00f6nnen sie dazu beitragen, gerechtere und verantwortungsvollere Systeme zu schaffen.<\/p>\n<p>[\/et_pb_text][\/et_pb_column][\/et_pb_row][\/et_pb_section][et_pb_section fb_built=&#8220;1&#8243; _builder_version=&#8220;4.27.6&#8243; _module_preset=&#8220;default&#8220; background_enable_color=&#8220;off&#8220; custom_padding=&#8220;60px||60px||true|false&#8220; global_colors_info=&#8220;{}&#8220;][et_pb_row custom_padding_last_edited=&#8220;on|phone&#8220; _builder_version=&#8220;4.27.5&#8243; _module_preset=&#8220;default&#8220; background_color=&#8220;#F4F1EB&#8220; width_tablet=&#8220;90%&#8220; width_phone=&#8220;90%&#8220; width_last_edited=&#8220;on|phone&#8220; custom_padding=&#8220;50px|50px|50px|50px|false|true&#8220; custom_padding_tablet=&#8220;50px|50px|50px|50px|false|true&#8220; custom_padding_phone=&#8220;50px|20px|50px|20px|false|true&#8220; border_radii=&#8220;on|15px|15px|15px|15px&#8220; global_colors_info=&#8220;{}&#8220;][et_pb_column type=&#8220;4_4&#8243; _builder_version=&#8220;4.27.5&#8243; _module_preset=&#8220;default&#8220; global_colors_info=&#8220;{}&#8220;][et_pb_heading title=&#8220;Erfahren Sie mehr&#8220; _builder_version=&#8220;4.27.6&#8243; _module_preset=&#8220;default&#8220; title_level=&#8220;h2&#8243; title_font=&#8220;|700|||||||&#8220; title_text_align=&#8220;center&#8220; title_font_size=&#8220;48px&#8220; custom_margin=&#8220;||0px|||&#8220; title_font_size_tablet=&#8220;44px&#8220; title_font_size_phone=&#8220;28px&#8220; title_font_size_last_edited=&#8220;on|phone&#8220; locked=&#8220;off&#8220; global_colors_info=&#8220;{}&#8220;][\/et_pb_heading][et_pb_heading title=&#8220;Ein genauerer Blick.&#8220; _builder_version=&#8220;4.27.6&#8243; _module_preset=&#8220;default&#8220; title_level=&#8220;h3&#8243; title_text_align=&#8220;center&#8220; title_font_size=&#8220;20px&#8220; custom_margin=&#8220;||15px||false|false&#8220; title_font_size_tablet=&#8220;18px&#8220; title_font_size_phone=&#8220;14px&#8220; title_font_size_last_edited=&#8220;on|phone&#8220; locked=&#8220;off&#8220; global_colors_info=&#8220;{}&#8220;][\/et_pb_heading][et_pb_text _builder_version=&#8220;4.27.5&#8243; _module_preset=&#8220;default&#8220; text_font_size=&#8220;18px&#8220; text_font_size_tablet=&#8220;14px&#8220; text_font_size_phone=&#8220;12px&#8220; text_font_size_last_edited=&#8220;on|phone&#8220; text_line_height_tablet=&#8220;1.3em&#8220; text_line_height_phone=&#8220;1.2em&#8220; text_line_height_last_edited=&#8220;on|phone&#8220; global_colors_info=&#8220;{}&#8220;]<\/p>\n<p>Rassengleichheit und Gerechtigkeit sind komplexe und sich st\u00e4ndig weiterentwickelnde Themen, bei denen historische, soziale und institutionelle Faktoren eine Rolle spielen. Die Bew\u00e4ltigung dieser Probleme erfordert Sensibilit\u00e4t, Dialog und das Bekenntnis zu fairen und verantwortungsvollen Praktiken im Bereich \u201e<br \/>\u201c. <\/p>\n<p>Organisationen k\u00f6nnen einen Beitrag leisten, indem sie ein respektvolles Umfeld f\u00f6rdern, Chancengleichheit unterst\u00fctzen und sicherstellen, dass Richtlinien und Partnerschaften die Werte der Fairness und Verantwortlichkeit widerspiegeln.<\/p>\n<p><strong>Gleichbehandlung<\/strong><br \/> Gleichbehandlung bedeutet, dass alle Menschen unabh\u00e4ngig von ihrer ethnischen Herkunft fair behandelt werden. Organisationen k\u00f6nnen dazu beitragen, indem sie klare Standards einhalten, die W\u00fcrde und Respekt sch\u00fctzen.<br \/> Diese Standards tragen dazu bei, ein Umfeld zu schaffen, in dem Diskriminierung und ungleiche Behandlung nicht akzeptiert werden. <\/p>\n<p><strong>Bewusstsein und Verantwortung<\/strong><br \/>Um soziale Ungleichheiten zu verstehen, ist es notwendig, sich der historischen und systemischen Herausforderungen bewusst zu sein. Organisationen k\u00f6nnen das Lernen und die Reflexion f\u00f6rdern, um besser zu verstehen, wie sich diese Probleme auf Gemeinschaften auswirken. <\/p>\n<p>Ein gesteigertes Bewusstsein kann zu verantwortungsvolleren Entscheidungen und Handlungen beitragen.<\/p>\n<p><strong>Rechenschaftspflicht<\/strong><br \/>Gerechtigkeit h\u00e4ngt auch von der Rechenschaftspflicht ab. Organisationen, die klare Erwartungen an das Verhalten und die Entscheidungsfindung festlegen, k\u00f6nnen dazu beitragen, dass Fairness gewahrt bleibt. <\/p>\n<p>Mechanismen zur Rechenschaftspflicht tragen dazu bei, Vertrauen zu wahren und verantwortungsbewusstes Handeln zu f\u00f6rdern.<\/p>\n<p><strong>Chancen und Zugang<\/strong><br \/>Rassengleichheit umfasst die F\u00f6rderung eines fairen Zugangs zu Chancen und Teilhabe. Wenn Einzelpersonen in der Lage sind, uneingeschr\u00e4nkt und barrierefrei teilzunehmen, k\u00f6nnen Gemeinschaften und Organisationen von einem breiteren Spektrum an Perspektiven und Talenten profitieren<br \/>. <\/p>\n<p>Die Gew\u00e4hrleistung eines gerechten Zugangs tr\u00e4gt zur St\u00e4rkung der sozialen und wirtschaftlichen Systeme bei.<\/p>\n<p><strong>Respekt gegen\u00fcber Gemeinschaften<\/strong><br \/>Von Ungleichheit betroffene Gemeinschaften verf\u00fcgen oft \u00fcber wertvolles Wissen und Erfahrungen. Ein respektvoller Umgang mit verschiedenen Gemeinschaften kann Organisationen dabei helfen, gesellschaftliche Herausforderungen besser zu verstehen und einen positiven Beitrag zu leisten. <\/p>\n<p>Wenn man diesen Erfahrungen Geh\u00f6r schenkt und daraus lernt, kann dies zu verantwortungsbewussterem Handeln beitragen.<\/p>\n<p><strong>Kontinuierlicher Fortschritt<\/strong><br \/>Die F\u00f6rderung der Rassengleichheit ist eher ein fortlaufender Prozess als eine einmalige Initiative. Organisationen k\u00f6nnen dazu beitragen, indem sie kontinuierlich dazulernen, sich anpassen und ihre Vorgehensweisen im Laufe der Zeit verbessern. <\/p>\n<p>Durch anhaltendes Engagement und beharrliche Bem\u00fchungen werden Fortschritte auf dem Weg zu gerechteren Systemen m\u00f6glich.<\/p>\n<p>[\/et_pb_text][\/et_pb_column][\/et_pb_row][et_pb_row _builder_version=&#8220;4.27.6&#8243; _module_preset=&#8220;default&#8220; custom_margin=&#8220;120px||||false|false&#8220; custom_margin_tablet=&#8220;150px||||false|false&#8220; custom_margin_phone=&#8220;100px||||false|false&#8220; custom_margin_last_edited=&#8220;off|desktop&#8220; custom_padding=&#8220;0px||0px||true|false&#8220; locked=&#8220;off&#8220; global_colors_info=&#8220;{}&#8220;][et_pb_column type=&#8220;4_4&#8243; _builder_version=&#8220;4.27.5&#8243; _module_preset=&#8220;default&#8220; global_colors_info=&#8220;{}&#8220;][et_pb_heading title=&#8220;Weitere Werte von Iline&#8220; _builder_version=&#8220;4.27.6&#8243; _module_preset=&#8220;default&#8220; title_level=&#8220;h2&#8243; title_font=&#8220;|700|||||||&#8220; title_text_align=&#8220;center&#8220; title_font_size=&#8220;48px&#8220; custom_margin=&#8220;||0px|||&#8220; title_font_size_tablet=&#8220;44px&#8220; title_font_size_phone=&#8220;28px&#8220; title_font_size_last_edited=&#8220;on|phone&#8220; global_colors_info=&#8220;{}&#8220;][\/et_pb_heading][et_pb_heading title=&#8220;Von Werten zu Produkten&#8220; _builder_version=&#8220;4.27.6&#8243; _module_preset=&#8220;default&#8220; title_level=&#8220;h3&#8243; title_text_align=&#8220;center&#8220; title_font_size=&#8220;20px&#8220; custom_margin=&#8220;||20px||false|false&#8220; title_font_size_tablet=&#8220;18px&#8220; title_font_size_phone=&#8220;14px&#8220; title_font_size_last_edited=&#8220;on|phone&#8220; global_colors_info=&#8220;{}&#8220;][\/et_pb_heading][et_pb_code _builder_version=&#8220;4.27.8&#8243; _module_preset=&#8220;default&#8220; custom_margin=&#8220;||30px||false|false&#8220; hover_enabled=&#8220;0&#8243; global_colors_info=&#8220;{}&#8220; custom_css_free_form=&#8220;||||.container {||    display: flex;||    flex-wrap: wrap;||    justify-content: center;||    gap: 40px;||    padding: 0 !important;||}||.card {||    width: 27%;||    padding: 10px;||    height: 150px;||    border: 2px solid #d9d9e3;||    border-radius: 20px;||    background: white;||    display: flex;||    justify-content: center;||    align-items: center;||    text-decoration: none;||    color: black;||    text-align: center;||    font-size: 20px;||    box-sizing: border-box;||    transition: all 0.3s ease;||}||.card:hover {||    transform: translateY(-5px);||    box-shadow: 0 8px 20px rgba(0,0,0,0.1);||}||a:hover{||    text-decoration:none!important;||}||@media (max-width: 980px) {||    .card {||        width: 45%;||        height: 60px;||        font-size: 16px;||        min-width: 100px;||        padding: 4px;||    }||    .container {||        gap: 10px;||    }||}||@media (max-width: 480px) {||    .card {||        width: 70%;||        height: 35px;||        font-size: 12px;||        padding: 3px;||        min-width: 90px;||    }||    .container {||        gap: 5px;||    }||}||&#8220; sticky_enabled=&#8220;0&#8243;]<!-- [et_pb_line_break_holder] --><\/p>\n<div class=\"container\"><!-- [et_pb_line_break_holder] -->   <a href=\"https:\/\/iline-organic.com\/de\/bildung\/\" class=\"card\"><!-- [et_pb_line_break_holder] -->        <span>Bildung<\/span><!-- [et_pb_line_break_holder] -->    <\/a><!-- [et_pb_line_break_holder] -->    <!-- [et_pb_line_break_holder] -->    <a href=\"https:\/\/iline-organic.com\/de\/umwelt\/\" class=\"card\"><!-- [et_pb_line_break_holder] -->        <span>Umwelt<\/span><!-- [et_pb_line_break_holder] -->    <\/a><!-- [et_pb_line_break_holder] --><!-- [et_pb_line_break_holder] -->    <a href=\"https:\/\/iline-organic.com\/de\/fairer-handel\/\" class=\"card\"><!-- [et_pb_line_break_holder] -->        <span>Fairer Handel<\/span><!-- [et_pb_line_break_holder] -->    <\/a><!-- [et_pb_line_break_holder] --><!-- [et_pb_line_break_holder] -->   <a href=\"https:\/\/iline-organic.com\/de\/oekologischer-landbau\/\" class=\"card\"><!-- [et_pb_line_break_holder] -->        <span>\u00d6kologischer Landbau<\/span><!-- [et_pb_line_break_holder] -->    <\/a><!-- [et_pb_line_break_holder] --><!-- [et_pb_line_break_holder] -->    <a href=\"https:\/\/iline-organic.com\/de\/inklusion-und-vielfalt\/\" class=\"card\"><!-- [et_pb_line_break_holder] -->        <span>Inklusion und Vielfalt<\/span><!-- [et_pb_line_break_holder] -->    <\/a><!-- [et_pb_line_break_holder] --><!-- [et_pb_line_break_holder] --><\/div>\n<p><!-- [et_pb_line_break_holder] -->[\/et_pb_code][et_pb_button button_url=&#8220;https:\/\/iline-organic.com\/olivenoel\/alle-produkte\/&#8220; button_text=&#8220;Produkte entdecken&#8220; button_alignment=&#8220;center&#8220; _builder_version=&#8220;4.27.6&#8243; _module_preset=&#8220;default&#8220; custom_button=&#8220;on&#8220; button_text_size=&#8220;20px&#8220; button_text_color=&#8220;#F9F8F6&#8243; button_bg_color=&#8220;#2e3110&#8243; button_border_radius=&#8220;40px&#8220; button_letter_spacing=&#8220;1px&#8220; button_font=&#8220;||||||||&#8220; button_use_icon=&#8220;off&#8220; custom_margin=&#8220;||||false|false&#8220; custom_margin_tablet=&#8220;||||false|false&#8220; custom_margin_phone=&#8220;||||false|false&#8220; custom_margin_last_edited=&#8220;on|desktop&#8220; custom_padding=&#8220;15px|40px|15px|40px|true|true&#8220; custom_padding_tablet=&#8220;12px|35px|12px|35px|true|true&#8220; custom_padding_phone=&#8220;10px|30px|10px|30px|true|true&#8220; custom_padding_last_edited=&#8220;on|tablet&#8220; button_text_size_tablet=&#8220;18px&#8220; button_text_size_phone=&#8220;16px&#8220; button_text_size_last_edited=&#8220;on|phone&#8220; locked=&#8220;off&#8220; global_colors_info=&#8220;{}&#8220; button_bg_color__hover_enabled=&#8220;on|desktop&#8220; button_bg_color__hover=&#8220;#3d4508&#8243; button_bg_enable_color__hover=&#8220;on&#8220;][\/et_pb_button][\/et_pb_column][\/et_pb_row][et_pb_row _builder_version=&#8220;4.27.6&#8243; _module_preset=&#8220;default&#8220; custom_margin=&#8220;120px||||false|false&#8220; custom_padding=&#8220;0px||0px||true|false&#8220; locked=&#8220;off&#8220; global_colors_info=&#8220;{}&#8220;][et_pb_column type=&#8220;4_4&#8243; _builder_version=&#8220;4.27.4&#8243; _module_preset=&#8220;default&#8220; global_colors_info=&#8220;{}&#8220;][et_pb_heading title=&#8220;H\u00e4ufig gestellte Fragen&#8220; _builder_version=&#8220;4.27.8&#8243; _module_preset=&#8220;default&#8220; title_level=&#8220;h2&#8243; title_font=&#8220;|700|||||||&#8220; title_text_align=&#8220;center&#8220; title_font_size=&#8220;48px&#8220; custom_margin=&#8220;||15px||false|false&#8220; title_font_size_tablet=&#8220;32px&#8220; title_font_size_phone=&#8220;20px&#8220; title_font_size_last_edited=&#8220;on|phone&#8220; locked=&#8220;off&#8220; global_colors_info=&#8220;{}&#8220;][\/et_pb_heading][dipi_faq faq_categories=&#8220;377&#8243; faq_order_by=&#8220;menu_order&#8220; _builder_version=&#8220;4.27.8&#8243; _module_preset=&#8220;default&#8220; global_colors_info=&#8220;{}&#8220;][\/dipi_faq][\/et_pb_column][\/et_pb_row][\/et_pb_section]<\/p>\n","protected":false},"excerpt":{"rendered":"<p>In vielen Gesellschaften haben rassische Ungleichheiten den Zugang zu Chancen, Ressourcen und Vertretung gepr\u00e4gt. Um diese Ungleichheiten zu beseitigen, sind Bewusstsein, Verantwortungsbewusstsein und kontinuierliche Bem\u00fchungen erforderlich, um sicherzustellen, dass Systeme und Institutionen die Menschen fair behandeln. Organisationen k\u00f6nnen zu diesem Prozess beitragen, indem sie faire Praktiken f\u00f6rdern, die Menschenw\u00fcrde achten und ein Umfeld unterst\u00fctzen, in [&hellip;]<\/p>\n","protected":false},"author":3,"featured_media":0,"parent":0,"menu_order":0,"comment_status":"closed","ping_status":"closed","template":"","meta":{"_et_pb_use_builder":"on","_et_pb_old_content":"","_et_gb_content_width":"","footnotes":""},"dipi_cpt_category":[621],"class_list":["post-21638","page","type-page","status-publish","hentry","dipi_cpt_category-die-werte-von-iline"],"yoast_head":"<!-- This site is optimized with the Yoast SEO Premium plugin v28.4 (Yoast SEO v28.4) - https:\/\/yoast.com\/product\/yoast-seo-premium-wordpress\/ -->\n<title>Iline-Werte: Soziale Verantwortung<\/title>\n<meta name=\"description\" content=\"Soziale Verantwortung durch Fairness, Chancengleichheit und Gemeindeentwicklung \u2713 St\u00e4rkung von Menschen und Gemeinschaften \u2713 Ein zentraler Wert von Iline\" \/>\n<meta name=\"robots\" content=\"index, follow, max-snippet:-1, max-image-preview:large, max-video-preview:-1\" \/>\n<link rel=\"canonical\" href=\"https:\/\/iline-organic.com\/de\/rassengleichheit-und-gerechtigkeit\/\" \/>\n<meta property=\"og:locale\" content=\"de_DE\" \/>\n<meta property=\"og:type\" content=\"article\" \/>\n<meta property=\"og:title\" content=\"Rassengleichheit und Gerechtigkeit\" \/>\n<meta property=\"og:description\" content=\"Soziale Verantwortung durch Fairness, Chancengleichheit und Gemeindeentwicklung \u2713 St\u00e4rkung von Menschen und Gemeinschaften \u2713 Ein zentraler Wert von Iline\" \/>\n<meta property=\"og:url\" content=\"https:\/\/iline-organic.com\/de\/rassengleichheit-und-gerechtigkeit\/\" \/>\n<meta property=\"og:site_name\" content=\"iline-organic.com\" \/>\n<meta property=\"article:publisher\" content=\"https:\/\/www.facebook.com\/ilineorganic\/\" \/>\n<meta property=\"article:modified_time\" content=\"2026-09-06T12:12:55+00:00\" \/>\n<meta name=\"twitter:card\" content=\"summary_large_image\" \/>\n<meta name=\"twitter:label1\" content=\"Gesch\u00e4tzte Lesezeit\" \/>\n\t<meta name=\"twitter:data1\" content=\"11\u00a0Minuten\" \/>\n<script type=\"application\/ld+json\" class=\"yoast-schema-graph\">{\"@context\":\"https:\\\/\\\/schema.org\",\"@graph\":[{\"@type\":\"WebPage\",\"@id\":\"https:\\\/\\\/iline-organic.com\\\/de\\\/rassengleichheit-und-gerechtigkeit\\\/\",\"url\":\"https:\\\/\\\/iline-organic.com\\\/de\\\/rassengleichheit-und-gerechtigkeit\\\/\",\"name\":\"Iline-Werte: Soziale Verantwortung\",\"isPartOf\":{\"@id\":\"https:\\\/\\\/iline-organic.com\\\/de\\\/#website\"},\"datePublished\":\"2026-03-18T23:16:34+00:00\",\"dateModified\":\"2026-09-06T12:12:55+00:00\",\"description\":\"Soziale Verantwortung durch Fairness, Chancengleichheit und Gemeindeentwicklung \u2713 St\u00e4rkung von Menschen und Gemeinschaften \u2713 Ein zentraler Wert von Iline\",\"breadcrumb\":{\"@id\":\"https:\\\/\\\/iline-organic.com\\\/de\\\/rassengleichheit-und-gerechtigkeit\\\/#breadcrumb\"},\"inLanguage\":\"de\",\"potentialAction\":[{\"@type\":\"ReadAction\",\"target\":[\"https:\\\/\\\/iline-organic.com\\\/de\\\/rassengleichheit-und-gerechtigkeit\\\/\"]}]},{\"@type\":\"BreadcrumbList\",\"@id\":\"https:\\\/\\\/iline-organic.com\\\/de\\\/rassengleichheit-und-gerechtigkeit\\\/#breadcrumb\",\"itemListElement\":[{\"@type\":\"ListItem\",\"position\":1,\"name\":\"Startseite\",\"item\":\"https:\\\/\\\/iline-organic.com\\\/de\\\/home\\\/\"},{\"@type\":\"ListItem\",\"position\":2,\"name\":\"Rassengleichheit und Gerechtigkeit\"}]},{\"@type\":\"WebSite\",\"@id\":\"https:\\\/\\\/iline-organic.com\\\/de\\\/#website\",\"url\":\"https:\\\/\\\/iline-organic.com\\\/de\\\/\",\"name\":\"iline-organic.com\",\"description\":\"\",\"publisher\":{\"@id\":\"https:\\\/\\\/iline-organic.com\\\/de\\\/#organization\"},\"potentialAction\":[{\"@type\":\"SearchAction\",\"target\":{\"@type\":\"EntryPoint\",\"urlTemplate\":\"https:\\\/\\\/iline-organic.com\\\/de\\\/?s={search_term_string}\"},\"query-input\":{\"@type\":\"PropertyValueSpecification\",\"valueRequired\":true,\"valueName\":\"search_term_string\"}}],\"inLanguage\":\"de\"},{\"@type\":[\"Organization\",\"Place\"],\"@id\":\"https:\\\/\\\/iline-organic.com\\\/de\\\/#organization\",\"name\":\"Iline Organic\",\"url\":\"https:\\\/\\\/iline-organic.com\\\/de\\\/\",\"logo\":{\"@id\":\"https:\\\/\\\/iline-organic.com\\\/de\\\/rassengleichheit-und-gerechtigkeit\\\/#local-main-organization-logo\"},\"image\":{\"@id\":\"https:\\\/\\\/iline-organic.com\\\/de\\\/rassengleichheit-und-gerechtigkeit\\\/#local-main-organization-logo\"},\"sameAs\":[\"https:\\\/\\\/www.facebook.com\\\/ilineorganic\\\/\",\"https:\\\/\\\/www.instagram.com\\\/iline_organic\\\/\",\"https:\\\/\\\/www.youtube.com\\\/@iline_organic\",\"https:\\\/\\\/www.linkedin.com\\\/company\\\/iline-organic\"],\"description\":\"Since 1894, a leader in ultra-premium olive oil. Our collections emerge from history, inspiration, and vision. Each creation possesses a distinct flavor identity. Carried by the moment it belongs to. HANA \u2022 YARA \u2022 DALIA HERITAGE \u2022 CLASSIC \u2022 POLYPHENA\",\"legalName\":\"Iline Organic\",\"foundingDate\":\"1894-01-01\",\"numberOfEmployees\":{\"@type\":\"QuantitativeValue\",\"minValue\":\"51\",\"maxValue\":\"200\"},\"telephone\":[],\"openingHoursSpecification\":[{\"@type\":\"OpeningHoursSpecification\",\"dayOfWeek\":[\"Monday\",\"Tuesday\",\"Wednesday\",\"Thursday\",\"Friday\",\"Saturday\",\"Sunday\"],\"opens\":\"09:00\",\"closes\":\"17:00\"}]},{\"@type\":\"ImageObject\",\"inLanguage\":\"de\",\"@id\":\"https:\\\/\\\/iline-organic.com\\\/de\\\/rassengleichheit-und-gerechtigkeit\\\/#local-main-organization-logo\",\"url\":\"https:\\\/\\\/iline-organic.com\\\/wp-content\\\/uploads\\\/2025\\\/09\\\/black_icon_transparent_background.webp\",\"contentUrl\":\"https:\\\/\\\/iline-organic.com\\\/wp-content\\\/uploads\\\/2025\\\/09\\\/black_icon_transparent_background.webp\",\"width\":1200,\"height\":867,\"caption\":\"Iline Organic\"}]}<\/script>\n<!-- \/ Yoast SEO Premium plugin. -->","yoast_head_json":{"title":"Iline-Werte: Soziale Verantwortung","description":"Soziale Verantwortung durch Fairness, Chancengleichheit und Gemeindeentwicklung \u2713 St\u00e4rkung von Menschen und Gemeinschaften \u2713 Ein zentraler Wert von Iline","robots":{"index":"index","follow":"follow","max-snippet":"max-snippet:-1","max-image-preview":"max-image-preview:large","max-video-preview":"max-video-preview:-1"},"canonical":"https:\/\/iline-organic.com\/de\/rassengleichheit-und-gerechtigkeit\/","og_locale":"de_DE","og_type":"article","og_title":"Rassengleichheit und Gerechtigkeit","og_description":"Soziale Verantwortung durch Fairness, Chancengleichheit und Gemeindeentwicklung \u2713 St\u00e4rkung von Menschen und Gemeinschaften \u2713 Ein zentraler Wert von Iline","og_url":"https:\/\/iline-organic.com\/de\/rassengleichheit-und-gerechtigkeit\/","og_site_name":"iline-organic.com","article_publisher":"https:\/\/www.facebook.com\/ilineorganic\/","article_modified_time":"2026-09-06T12:12:55+00:00","twitter_card":"summary_large_image","twitter_misc":{"Gesch\u00e4tzte Lesezeit":"11\u00a0Minuten"},"schema":{"@context":"https:\/\/schema.org","@graph":[{"@type":"WebPage","@id":"https:\/\/iline-organic.com\/de\/rassengleichheit-und-gerechtigkeit\/","url":"https:\/\/iline-organic.com\/de\/rassengleichheit-und-gerechtigkeit\/","name":"Iline-Werte: Soziale Verantwortung","isPartOf":{"@id":"https:\/\/iline-organic.com\/de\/#website"},"datePublished":"2026-03-18T23:16:34+00:00","dateModified":"2026-09-06T12:12:55+00:00","description":"Soziale Verantwortung durch Fairness, Chancengleichheit und Gemeindeentwicklung \u2713 St\u00e4rkung von Menschen und Gemeinschaften \u2713 Ein zentraler Wert von Iline","breadcrumb":{"@id":"https:\/\/iline-organic.com\/de\/rassengleichheit-und-gerechtigkeit\/#breadcrumb"},"inLanguage":"de","potentialAction":[{"@type":"ReadAction","target":["https:\/\/iline-organic.com\/de\/rassengleichheit-und-gerechtigkeit\/"]}]},{"@type":"BreadcrumbList","@id":"https:\/\/iline-organic.com\/de\/rassengleichheit-und-gerechtigkeit\/#breadcrumb","itemListElement":[{"@type":"ListItem","position":1,"name":"Startseite","item":"https:\/\/iline-organic.com\/de\/home\/"},{"@type":"ListItem","position":2,"name":"Rassengleichheit und Gerechtigkeit"}]},{"@type":"WebSite","@id":"https:\/\/iline-organic.com\/de\/#website","url":"https:\/\/iline-organic.com\/de\/","name":"iline-organic.com","description":"","publisher":{"@id":"https:\/\/iline-organic.com\/de\/#organization"},"potentialAction":[{"@type":"SearchAction","target":{"@type":"EntryPoint","urlTemplate":"https:\/\/iline-organic.com\/de\/?s={search_term_string}"},"query-input":{"@type":"PropertyValueSpecification","valueRequired":true,"valueName":"search_term_string"}}],"inLanguage":"de"},{"@type":["Organization","Place"],"@id":"https:\/\/iline-organic.com\/de\/#organization","name":"Iline Organic","url":"https:\/\/iline-organic.com\/de\/","logo":{"@id":"https:\/\/iline-organic.com\/de\/rassengleichheit-und-gerechtigkeit\/#local-main-organization-logo"},"image":{"@id":"https:\/\/iline-organic.com\/de\/rassengleichheit-und-gerechtigkeit\/#local-main-organization-logo"},"sameAs":["https:\/\/www.facebook.com\/ilineorganic\/","https:\/\/www.instagram.com\/iline_organic\/","https:\/\/www.youtube.com\/@iline_organic","https:\/\/www.linkedin.com\/company\/iline-organic"],"description":"Since 1894, a leader in ultra-premium olive oil. Our collections emerge from history, inspiration, and vision. Each creation possesses a distinct flavor identity. Carried by the moment it belongs to. HANA \u2022 YARA \u2022 DALIA HERITAGE \u2022 CLASSIC \u2022 POLYPHENA","legalName":"Iline Organic","foundingDate":"1894-01-01","numberOfEmployees":{"@type":"QuantitativeValue","minValue":"51","maxValue":"200"},"telephone":[],"openingHoursSpecification":[{"@type":"OpeningHoursSpecification","dayOfWeek":["Monday","Tuesday","Wednesday","Thursday","Friday","Saturday","Sunday"],"opens":"09:00","closes":"17:00"}]},{"@type":"ImageObject","inLanguage":"de","@id":"https:\/\/iline-organic.com\/de\/rassengleichheit-und-gerechtigkeit\/#local-main-organization-logo","url":"https:\/\/iline-organic.com\/wp-content\/uploads\/2025\/09\/black_icon_transparent_background.webp","contentUrl":"https:\/\/iline-organic.com\/wp-content\/uploads\/2025\/09\/black_icon_transparent_background.webp","width":1200,"height":867,"caption":"Iline Organic"}]}},"_links":{"self":[{"href":"https:\/\/iline-organic.com\/de\/wp-json\/wp\/v2\/pages\/21638","targetHints":{"allow":["GET"]}}],"collection":[{"href":"https:\/\/iline-organic.com\/de\/wp-json\/wp\/v2\/pages"}],"about":[{"href":"https:\/\/iline-organic.com\/de\/wp-json\/wp\/v2\/types\/page"}],"author":[{"embeddable":true,"href":"https:\/\/iline-organic.com\/de\/wp-json\/wp\/v2\/users\/3"}],"replies":[{"embeddable":true,"href":"https:\/\/iline-organic.com\/de\/wp-json\/wp\/v2\/comments?post=21638"}],"version-history":[{"count":10,"href":"https:\/\/iline-organic.com\/de\/wp-json\/wp\/v2\/pages\/21638\/revisions"}],"predecessor-version":[{"id":23713,"href":"https:\/\/iline-organic.com\/de\/wp-json\/wp\/v2\/pages\/21638\/revisions\/23713"}],"wp:attachment":[{"href":"https:\/\/iline-organic.com\/de\/wp-json\/wp\/v2\/media?parent=21638"}],"wp:term":[{"taxonomy":"dipi_cpt_category","embeddable":true,"href":"https:\/\/iline-organic.com\/de\/wp-json\/wp\/v2\/dipi_cpt_category?post=21638"}],"curies":[{"name":"wp","href":"https:\/\/api.w.org\/{rel}","templated":true}]}}